{"id":854,"date":"2020-03-15T09:49:50","date_gmt":"2020-03-15T09:49:50","guid":{"rendered":"https:\/\/demosoledad.pencidesign.net\/soledad-medical-consulting-business-multipurpose\/?page_id=6"},"modified":"2025-11-17T15:28:29","modified_gmt":"2025-11-17T15:28:29","slug":"soledad_home","status":"publish","type":"page","link":"https:\/\/spatzenkutter.gob.ar\/","title":{"rendered":"Soledad_Home"},"content":{"rendered":"\t\t<div data-elementor-type=\"wp-page\" data-elementor-id=\"854\" class=\"elementor elementor-854\">\n\t\t\t\t\t\t<section class=\"penci-section penci-disSticky penci-structure-10 elementor-section elementor-top-section elementor-element elementor-element-6ce90f1 elementor-section-boxed elementor-section-height-default elementor-section-height-default\" data-id=\"6ce90f1\" data-element_type=\"section\">\n\t\t\t\t\t\t<div class=\"elementor-container elementor-column-gap-default\">\n\t\t\t\t\t<div class=\"penci-ercol-100 penci-ercol-order-1 penci-sticky-ct    elementor-column elementor-col-100 elementor-top-column elementor-element elementor-element-0e1c2f8\" data-id=\"0e1c2f8\" data-element_type=\"column\">\n\t\t\t<div class=\"elementor-widget-wrap elementor-element-populated\">\n\t\t\t\t\t\t<div class=\"elementor-element elementor-element-302ad1c elementor-widget elementor-widget-html\" data-id=\"302ad1c\" data-element_type=\"widget\" data-widget_type=\"html.default\">\n\t\t\t\t<div class=\"elementor-widget-container\">\n\t\t\t\t\t\t\t<div class=\"dlp-folders-container\" style=\"display:none;\">\n\t\t\t<div class=\"dlp-folders-search\"><label>Search:<input type=\"search\" placeholder=\"\" value=\"\"><\/label><div class=\"dlp-folders-reset\"><a class=\"reset\" href=\"#\"><div class=\"dlp-icon reset\"><svg version=\"1.1\" xmlns=\"http:\/\/www.w3.org\/2000\/svg\" width=\"32\" height=\"32\" viewBox=\"0 0 32 32\" aria-label=\"Reset\"><path d=\"M16 2c-4.418 0-8.418 1.791-11.313 4.687l-4.686-4.687v12h12l-4.485-4.485c2.172-2.172 5.172-3.515 8.485-3.515 6.627 0 12 5.373 12 12 0 3.584-1.572 6.801-4.063 9l2.646 3c3.322-2.932 5.417-7.221 5.417-12 0-8.837-7.163-16-16-16z\"><\/path><\/svg><\/div> Reset<\/a><\/div><\/div><div class=\"dlp-folders-search-results\"><\/div>\n\t\t\t<ul class=\"dlp-folders dlp-folders-root\" data-shortcode-atts='{\"folders\":true,\"filters\":\"true\",\"link_style\":\"file_icon\",\"page_length\":\"false\",\"totals\":\"false\",\"columns\":\"image:Img Prev,title: N\\u00b0,doc_tags:A\\u00f1o, link:Descargar\",\"accessing_documents\":\"link\",\"exclude_doc_category\":\"grid,grid-with-icons\",\"post_type\":\"dlp_document\",\"layout\":\"table\",\"multi_downloads\":false}'>\n\t\t\t\t\t\t\t\t\t<li class=\"dlp-folder dlp-folder closed\" data-category-id=\"111\">\n\t\t\t\t\t\t<span class=\"dlp-category\" tabindex=\"0\" role=\"button\" aria-expanded=\"false\">\n\t\t\t\t\t\t\t<div class=\"dlp-icon folder\" style=\"fill:#f6b900;\"><svg xmlns=\"http:\/\/www.w3.org\/2000\/svg\" viewBox=\"0 0 512 512\"><path d=\"M464 128H272l-64-64H48C21.49 64 0 85.49 0 112v288c0 26.51 21.49 48 48 48h416c26.51 0 48-21.49 48-48V176c0-26.51-21.49-48-48-48z\"\/><\/svg><\/div><div class=\"dlp-icon folder_open\" style=\"fill:#f6b900;\"><svg xmlns=\"http:\/\/www.w3.org\/2000\/svg\" viewBox=\"0 0 576 512\"><path d=\"M572.694 292.093L500.27 416.248A63.997 63.997 0 0 1 444.989 448H45.025c-18.523 0-30.064-20.093-20.731-36.093l72.424-124.155A64 64 0 0 1 152 256h399.964c18.523 0 30.064 20.093 20.73 36.093zM152 224h328v-48c0-26.51-21.49-48-48-48H272l-64-64H48C21.49 64 0 85.49 0 112v278.046l69.077-118.418C86.214 242.25 117.989 224 152 224z\"\/><\/svg><\/div>\t\t\t\t\t\t\t<span class=\"dlp-folder-label\">\n\t\t\t\t\t\t\t<span class=\"dlp-category-name\">Decretos<\/span>\n\t\t\t\t\t\t\t\t\t\t\t\t\t\t<\/span>\n\t\t\t\t\t\t<\/span>\n\n\t\t\t\t\t\t<div class=\"dlp-folder-inner\">\n\t\t\t\t\t\t\t<div class=\"dlp-category-table\">\n\t\t\t\t\t\t\t<\/div>\n\n\t\t\t\t\t\t\t<div class=\"dlp-category-subcategories\">\n\t\t\t\t\t\t\t\t\t\t\t\t\t\t\t<\/div>\n\t\t\t\t\t\t<\/div>\n\t\t\t\t\t<\/li>\n\t\t\t\t\t\t\t\t\t<li class=\"dlp-folder dlp-folder closed\" data-category-id=\"112\">\n\t\t\t\t\t\t<span class=\"dlp-category\" tabindex=\"0\" role=\"button\" aria-expanded=\"false\">\n\t\t\t\t\t\t\t<div class=\"dlp-icon folder\" style=\"fill:#f6b900;\"><svg xmlns=\"http:\/\/www.w3.org\/2000\/svg\" viewBox=\"0 0 512 512\"><path d=\"M464 128H272l-64-64H48C21.49 64 0 85.49 0 112v288c0 26.51 21.49 48 48 48h416c26.51 0 48-21.49 48-48V176c0-26.51-21.49-48-48-48z\"\/><\/svg><\/div><div class=\"dlp-icon folder_open\" style=\"fill:#f6b900;\"><svg xmlns=\"http:\/\/www.w3.org\/2000\/svg\" viewBox=\"0 0 576 512\"><path d=\"M572.694 292.093L500.27 416.248A63.997 63.997 0 0 1 444.989 448H45.025c-18.523 0-30.064-20.093-20.731-36.093l72.424-124.155A64 64 0 0 1 152 256h399.964c18.523 0 30.064 20.093 20.73 36.093zM152 224h328v-48c0-26.51-21.49-48-48-48H272l-64-64H48C21.49 64 0 85.49 0 112v278.046l69.077-118.418C86.214 242.25 117.989 224 152 224z\"\/><\/svg><\/div>\t\t\t\t\t\t\t<span class=\"dlp-folder-label\">\n\t\t\t\t\t\t\t<span class=\"dlp-category-name\">Edictos<\/span>\n\t\t\t\t\t\t\t\t\t\t\t\t\t\t<\/span>\n\t\t\t\t\t\t<\/span>\n\n\t\t\t\t\t\t<div class=\"dlp-folder-inner\">\n\t\t\t\t\t\t\t<div class=\"dlp-category-table\">\n\t\t\t\t\t\t\t<\/div>\n\n\t\t\t\t\t\t\t<div class=\"dlp-category-subcategories\">\n\t\t\t\t\t\t\t\t\t\t\t\t\t\t\t<\/div>\n\t\t\t\t\t\t<\/div>\n\t\t\t\t\t<\/li>\n\t\t\t\t\t\t\t\t\t<li class=\"dlp-folder dlp-folder closed\" data-category-id=\"109\">\n\t\t\t\t\t\t<span class=\"dlp-category\" tabindex=\"0\" role=\"button\" aria-expanded=\"false\">\n\t\t\t\t\t\t\t<div class=\"dlp-icon folder\" style=\"fill:#f6b900;\"><svg xmlns=\"http:\/\/www.w3.org\/2000\/svg\" viewBox=\"0 0 512 512\"><path d=\"M464 128H272l-64-64H48C21.49 64 0 85.49 0 112v288c0 26.51 21.49 48 48 48h416c26.51 0 48-21.49 48-48V176c0-26.51-21.49-48-48-48z\"\/><\/svg><\/div><div class=\"dlp-icon folder_open\" style=\"fill:#f6b900;\"><svg xmlns=\"http:\/\/www.w3.org\/2000\/svg\" viewBox=\"0 0 576 512\"><path d=\"M572.694 292.093L500.27 416.248A63.997 63.997 0 0 1 444.989 448H45.025c-18.523 0-30.064-20.093-20.731-36.093l72.424-124.155A64 64 0 0 1 152 256h399.964c18.523 0 30.064 20.093 20.73 36.093zM152 224h328v-48c0-26.51-21.49-48-48-48H272l-64-64H48C21.49 64 0 85.49 0 112v278.046l69.077-118.418C86.214 242.25 117.989 224 152 224z\"\/><\/svg><\/div>\t\t\t\t\t\t\t<span class=\"dlp-folder-label\">\n\t\t\t\t\t\t\t<span class=\"dlp-category-name\">Ordenanzas<\/span>\n\t\t\t\t\t\t\t\t\t\t\t\t\t\t<\/span>\n\t\t\t\t\t\t<\/span>\n\n\t\t\t\t\t\t<div class=\"dlp-folder-inner\">\n\t\t\t\t\t\t\t<div class=\"dlp-category-table\">\n\t\t\t\t\t\t\t<\/div>\n\n\t\t\t\t\t\t\t<div class=\"dlp-category-subcategories\">\n\t\t\t\t\t\t\t\t\t\t\t\t\t\t\t<\/div>\n\t\t\t\t\t\t<\/div>\n\t\t\t\t\t<\/li>\n\t\t\t\t\t\t\t\t\t<li class=\"dlp-folder dlp-folder closed\" data-category-id=\"110\">\n\t\t\t\t\t\t<span class=\"dlp-category\" tabindex=\"0\" role=\"button\" aria-expanded=\"false\">\n\t\t\t\t\t\t\t<div class=\"dlp-icon folder\" style=\"fill:#f6b900;\"><svg xmlns=\"http:\/\/www.w3.org\/2000\/svg\" viewBox=\"0 0 512 512\"><path d=\"M464 128H272l-64-64H48C21.49 64 0 85.49 0 112v288c0 26.51 21.49 48 48 48h416c26.51 0 48-21.49 48-48V176c0-26.51-21.49-48-48-48z\"\/><\/svg><\/div><div class=\"dlp-icon folder_open\" style=\"fill:#f6b900;\"><svg xmlns=\"http:\/\/www.w3.org\/2000\/svg\" viewBox=\"0 0 576 512\"><path d=\"M572.694 292.093L500.27 416.248A63.997 63.997 0 0 1 444.989 448H45.025c-18.523 0-30.064-20.093-20.731-36.093l72.424-124.155A64 64 0 0 1 152 256h399.964c18.523 0 30.064 20.093 20.73 36.093zM152 224h328v-48c0-26.51-21.49-48-48-48H272l-64-64H48C21.49 64 0 85.49 0 112v278.046l69.077-118.418C86.214 242.25 117.989 224 152 224z\"\/><\/svg><\/div>\t\t\t\t\t\t\t<span class=\"dlp-folder-label\">\n\t\t\t\t\t\t\t<span class=\"dlp-category-name\">Resoluciones<\/span>\n\t\t\t\t\t\t\t\t\t\t\t\t\t\t<\/span>\n\t\t\t\t\t\t<\/span>\n\n\t\t\t\t\t\t<div class=\"dlp-folder-inner\">\n\t\t\t\t\t\t\t<div class=\"dlp-category-table\">\n\t\t\t\t\t\t\t<\/div>\n\n\t\t\t\t\t\t\t<div class=\"dlp-category-subcategories\">\n\t\t\t\t\t\t\t\t\t\t\t\t\t\t\t<\/div>\n\t\t\t\t\t\t<\/div>\n\t\t\t\t\t<\/li>\n\t\t\t\t\t\t\t<\/ul>\n\n\t\t\t\n\t\t<\/div>\n\t\t\t\t\t\t<\/div>\n\t\t\t\t<\/div>\n\t\t\t\t\t<\/div>\n\t\t<\/div>\n\t\t\t\t\t<\/div>\n\t\t<\/section>\n\t\t\t\t<section class=\"penci-section penci-disSticky penci-structure-10 elementor-section elementor-top-section elementor-element elementor-element-8e15b99 elementor-section-full_width elementor-section-height-default elementor-section-height-default\" data-id=\"8e15b99\" data-element_type=\"section\">\n\t\t\t\t\t\t\t<div class=\"elementor-background-overlay\"><\/div>\n\t\t\t\t\t\t\t<div class=\"elementor-container elementor-column-gap-no\">\n\t\t\t\t\t<div class=\"penci-ercol-100 penci-ercol-order-1 penci-sticky-ct    elementor-column elementor-col-100 elementor-top-column elementor-element elementor-element-3801cb0\" data-id=\"3801cb0\" data-element_type=\"column\">\n\t\t\t<div class=\"elementor-widget-wrap elementor-element-populated\">\n\t\t\t\t\t\t<div class=\"elementor-element elementor-element-a7b6d12 animated-slow penci-h-poswrap-center penci-v-poswrap-middle elementor-invisible elementor-widget elementor-widget-penci-custom-sliders\" data-id=\"a7b6d12\" data-element_type=\"widget\" data-settings=\"{&quot;_animation&quot;:&quot;jello&quot;}\" data-widget_type=\"penci-custom-sliders.default\">\n\t\t\t\t<div class=\"elementor-widget-container\">\n\t\t\t\t\t<div class=\"penci-block-vc penci-custom-slides\"><div class=\"penci-block_content penci-slides-wrap swiper penci-owl-carousel penci-owl-carousel-slider pcdots-dots\"  data-items=\"1\" data-auto=\"true\" data-autotime=\"4000\" data-speed=\"800\" data-anim=\"slide\" data-ceffect=\"swing\" data-seffect=\"creative\"><div class=\"swiper-wrapper\"><div class=\"swiper-slide elementor-repeater-item-25fe352 penci-ctslide-wrap\"><div class=\"penci-custom-slide\"><div class=\"penci-ctslide-bg\"><\/div><div class=\"penci-ctslide-inner\"><div class=\"penci-ctslider-content penci-fadeInDown\"><div class=\"penci-slider_btnwrap\"><a class=\"pencislider-btn pencislider-btn-1 penci-button\" href=\"https:\/\/spatzenkutter.gob.ar\/category\/noticias\/\"><span>Noticias<\/span><\/a><\/div><\/div><\/div><\/div><\/div><div class=\"swiper-slide elementor-repeater-item-1da7506 penci-ctslide-wrap\"><div class=\"penci-custom-slide\"><div class=\"penci-ctslide-bg\"><\/div><div class=\"penci-ctslide-inner\"><div class=\"penci-ctslider-bg-overlay\"><\/div><div class=\"penci-ctslider-content penci-fadeInDown\"><div class=\"penci-slider_btnwrap\"><a class=\"pencislider-btn pencislider-btn-1 penci-button\" href=\"https:\/\/spatzenkutter.gob.ar\/category\/noticias\/\"><span>Noticias<\/span><\/a><\/div><\/div><\/div><\/div><\/div><\/div><\/div><\/div>\t\t\t\t<\/div>\n\t\t\t\t<\/div>\n\t\t\t\t\t<\/div>\n\t\t<\/div>\n\t\t\t\t\t<\/div>\n\t\t<\/section>\n\t\t\t\t<section class=\"penci-section penci-disSticky penci-structure-30 elementor-section elementor-top-section elementor-element elementor-element-bb53d76 elementor-section-content-middle elementor-section-boxed elementor-section-height-default elementor-section-height-default\" data-id=\"bb53d76\" data-element_type=\"section\">\n\t\t\t\t\t\t<div class=\"elementor-container elementor-column-gap-no\">\n\t\t\t\t\t<div class=\"penci-ercol-33 penci-ercol-order-1 penci-sticky-sb penci-sidebarSC   elementor-column elementor-col-33 elementor-top-column elementor-element elementor-element-052de14\" data-id=\"052de14\" data-element_type=\"column\">\n\t\t\t<div class=\"elementor-widget-wrap\">\n\t\t\t\t\t\t\t<\/div>\n\t\t<\/div>\n\t\t\t\t<div class=\"penci-ercol-33 penci-ercol-order-2 penci-sticky-sb penci-sidebarSC penci-dmcheck penci-elbg-activate  elementor-column elementor-col-33 elementor-top-column elementor-element elementor-element-a71cc9c\" data-id=\"a71cc9c\" data-element_type=\"column\" data-settings=\"{&quot;background_background&quot;:&quot;classic&quot;}\">\n\t\t\t<div class=\"elementor-widget-wrap elementor-element-populated\">\n\t\t\t\t\t\t<div class=\"elementor-element elementor-element-023031e elementor-widget elementor-widget-html\" data-id=\"023031e\" data-element_type=\"widget\" data-widget_type=\"html.default\">\n\t\t\t\t<div class=\"elementor-widget-container\">\n\t\t\t\t\t<a class=\"weatherwidget-io\" href=\"https:\/\/forecast7.com\/es\/n31d95n60d59\/aldea-spatzenkutter\/\" data-label_1=\"ALDEA SPATZENKUTTER\" data-label_2=\"Entre R\u00edos, AR\" data-icons=\"Climacons Animated\" data-days=\"3\" data-theme=\"pure\" >ALDEA SPATZENKUTTER Entre R\u00edos, AR<\/a>\r\n<script>\r\n!function(d,s,id){var js,fjs=d.getElementsByTagName(s)[0];if(!d.getElementById(id)){js=d.createElement(s);js.id=id;js.src='https:\/\/weatherwidget.io\/js\/widget.min.js';fjs.parentNode.insertBefore(js,fjs);}}(document,'script','weatherwidget-io-js');\r\n<\/script>\t\t\t\t<\/div>\n\t\t\t\t<\/div>\n\t\t\t\t\t<\/div>\n\t\t<\/div>\n\t\t\t\t<div class=\"penci-ercol-33 penci-ercol-order-3 penci-sticky-sb penci-sidebarSC   elementor-column elementor-col-33 elementor-top-column elementor-element elementor-element-52cd681\" data-id=\"52cd681\" data-element_type=\"column\">\n\t\t\t<div class=\"elementor-widget-wrap elementor-element-populated\">\n\t\t\t\t\t\t<div class=\"elementor-element elementor-element-f0a7740 elementor-widget elementor-widget-image\" data-id=\"f0a7740\" data-element_type=\"widget\" data-widget_type=\"image.default\">\n\t\t\t\t<div class=\"elementor-widget-container\">\n\t\t\t\t\t\t\t\t\t\t\t\t\t\t\t<img fetchpriority=\"high\" decoding=\"async\" width=\"960\" height=\"960\" src=\"https:\/\/spatzenkutter.gob.ar\/%77%70%2d%63%6f%6e%74%65%6e%74\/uploads\/2022\/08\/Aldea-Spatzenkutter-1.jpg\" class=\"attachment-full size-full wp-image-868\" alt=\"\" srcset=\"https:\/\/spatzenkutter.gob.ar\/%77%70%2d%63%6f%6e%74%65%6e%74\/uploads\/2022\/08\/Aldea-Spatzenkutter-1.jpg 960w, https:\/\/spatzenkutter.gob.ar\/%77%70%2d%63%6f%6e%74%65%6e%74\/uploads\/2022\/08\/Aldea-Spatzenkutter-1-300x300.jpg 300w, https:\/\/spatzenkutter.gob.ar\/%77%70%2d%63%6f%6e%74%65%6e%74\/uploads\/2022\/08\/Aldea-Spatzenkutter-1-150x150.jpg 150w, https:\/\/spatzenkutter.gob.ar\/%77%70%2d%63%6f%6e%74%65%6e%74\/uploads\/2022\/08\/Aldea-Spatzenkutter-1-768x768.jpg 768w, https:\/\/spatzenkutter.gob.ar\/%77%70%2d%63%6f%6e%74%65%6e%74\/uploads\/2022\/08\/Aldea-Spatzenkutter-1-585x585.jpg 585w\" sizes=\"(max-width: 960px) 100vw, 960px\" \/>\t\t\t\t\t\t\t\t\t\t\t\t\t\t\t<\/div>\n\t\t\t\t<\/div>\n\t\t\t\t\t<\/div>\n\t\t<\/div>\n\t\t\t\t\t<\/div>\n\t\t<\/section>\n\t\t\t\t<section class=\"penci-section penci-disSticky penci-structure-21 elementor-section elementor-top-section elementor-element elementor-element-48f6405 elementor-section-boxed elementor-section-height-default elementor-section-height-default\" data-id=\"48f6405\" data-element_type=\"section\">\n\t\t\t\t\t\t<div class=\"elementor-container elementor-column-gap-extended\">\n\t\t\t\t\t<div class=\"penci-ercol-33 penci-ercol-order-1 penci-sticky-sb penci-sidebarSC   elementor-column elementor-col-33 elementor-top-column elementor-element elementor-element-17f4d63\" data-id=\"17f4d63\" data-element_type=\"column\">\n\t\t\t<div class=\"elementor-widget-wrap elementor-element-populated\">\n\t\t\t\t\t\t<div class=\"elementor-element elementor-element-9062f89 elementor-hidden-mobile elementor-widget elementor-widget-image\" data-id=\"9062f89\" data-element_type=\"widget\" data-widget_type=\"image.default\">\n\t\t\t\t<div class=\"elementor-widget-container\">\n\t\t\t\t\t\t\t\t\t\t\t\t\t\t\t<img decoding=\"async\" width=\"473\" height=\"292\" src=\"https:\/\/spatzenkutter.gob.ar\/%77%70%2d%63%6f%6e%74%65%6e%74\/uploads\/2020\/04\/logo.png\" class=\"attachment-large size-large wp-image-43\" alt=\"comuna spatzenkutter\" srcset=\"https:\/\/spatzenkutter.gob.ar\/%77%70%2d%63%6f%6e%74%65%6e%74\/uploads\/2020\/04\/logo.png 473w, https:\/\/spatzenkutter.gob.ar\/%77%70%2d%63%6f%6e%74%65%6e%74\/uploads\/2020\/04\/logo-300x185.png 300w\" sizes=\"(max-width: 473px) 100vw, 473px\" \/>\t\t\t\t\t\t\t\t\t\t\t\t\t\t\t<\/div>\n\t\t\t\t<\/div>\n\t\t\t\t\t<\/div>\n\t\t<\/div>\n\t\t\t\t<div class=\"penci-ercol-66 penci-ercol-order-2 penci-sticky-ct    elementor-column elementor-col-66 elementor-top-column elementor-element elementor-element-ffa1040\" data-id=\"ffa1040\" data-element_type=\"column\">\n\t\t\t<div class=\"elementor-widget-wrap elementor-element-populated\">\n\t\t\t\t\t\t<div class=\"elementor-element elementor-element-7fb3576 elementor-hidden-desktop elementor-hidden-tablet elementor-widget elementor-widget-image\" data-id=\"7fb3576\" data-element_type=\"widget\" data-widget_type=\"image.default\">\n\t\t\t\t<div class=\"elementor-widget-container\">\n\t\t\t\t\t\t\t\t\t\t\t\t\t\t\t<img decoding=\"async\" width=\"473\" height=\"292\" src=\"https:\/\/spatzenkutter.gob.ar\/%77%70%2d%63%6f%6e%74%65%6e%74\/uploads\/2020\/04\/logo.png\" class=\"attachment-large size-large wp-image-43\" alt=\"comuna spatzenkutter\" srcset=\"https:\/\/spatzenkutter.gob.ar\/%77%70%2d%63%6f%6e%74%65%6e%74\/uploads\/2020\/04\/logo.png 473w, https:\/\/spatzenkutter.gob.ar\/%77%70%2d%63%6f%6e%74%65%6e%74\/uploads\/2020\/04\/logo-300x185.png 300w\" sizes=\"(max-width: 473px) 100vw, 473px\" \/>\t\t\t\t\t\t\t\t\t\t\t\t\t\t\t<\/div>\n\t\t\t\t<\/div>\n\t\t\t\t<div class=\"elementor-element elementor-element-8fa52b7 elementor-widget elementor-widget-penci-fancy_heading\" data-id=\"8fa52b7\" data-element_type=\"widget\" data-widget_type=\"penci-fancy_heading.default\">\n\t\t\t\t<div class=\"elementor-widget-container\">\n\t\t\t\t\t\t\t<div class=\"penci-fancy-heading penci-heading-text-left\">\n\t\t\t<div class=\"penci-fancy-heading-inner\">\n\t\t\t\t<h2 class=\"penci-heading-title\"><span class=\"inner-tit\">Sobre Nosotros<\/span><\/h2><div class=\"penci-heading-content entry-content\"><p>Aldea Spatzenkutter se ubica sobre la ruta 11 que une Paran\u00e1, Diamante, Victoria y otras localidades Entrerrianas.<br \/>\nDesde 2020 se transform\u00f3 en COMUNA.<\/p>\n<\/div>\t\t\t<\/div>\n\t\t<\/div>\n\t\t\t\t\t\t<\/div>\n\t\t\t\t<\/div>\n\t\t\t\t\t<\/div>\n\t\t<\/div>\n\t\t\t\t\t<\/div>\n\t\t<\/section>\n\t\t\t\t<section class=\"penci-section penci-dmcheck penci-elbg-activate penci-disSticky penci-structure-10 elementor-section elementor-top-section elementor-element elementor-element-9febf80 elementor-section-boxed elementor-section-height-default elementor-section-height-default\" data-id=\"9febf80\" data-element_type=\"section\" data-settings=\"{&quot;background_background&quot;:&quot;classic&quot;}\">\n\t\t\t\t\t\t<div class=\"elementor-container elementor-column-gap-no\">\n\t\t\t\t\t<div class=\"penci-ercol-100 penci-ercol-order-1 penci-sticky-ct    elementor-column elementor-col-100 elementor-top-column elementor-element elementor-element-1035473\" data-id=\"1035473\" data-element_type=\"column\">\n\t\t\t<div class=\"elementor-widget-wrap elementor-element-populated\">\n\t\t\t\t\t\t<div class=\"elementor-element elementor-element-f7d76d0 elementor-widget elementor-widget-html\" data-id=\"f7d76d0\" data-element_type=\"widget\" data-widget_type=\"html.default\">\n\t\t\t\t<div class=\"elementor-widget-container\">\n\t\t\t\t\t<iframe src=\"https:\/\/www.google.com\/maps\/embed?pb=!1m18!1m12!1m3!1d6771.089385904923!2d-60.58084935!3d-31.946116649999993!2m3!1f0!2f0!3f0!3m2!1i1024!2i768!4f13.1!3m3!1m2!1s0x95b5cacda50a7b51%3A0xb223c38b54dcf584!2sAldea%20Spatzenkutter%2C%20Entre%20R%C3%ADos!5e0!3m2!1ses!2sar!4v1659594486547!5m2!1ses!2sar\" width=\"600\" height=\"450\" style=\"border:0;\" allowfullscreen=\"\" loading=\"lazy\" referrerpolicy=\"no-referrer-when-downgrade\"><\/iframe>\t\t\t\t<\/div>\n\t\t\t\t<\/div>\n\t\t\t\t\t<\/div>\n\t\t<\/div>\n\t\t\t\t\t<\/div>\n\t\t<\/section>\n\t\t\t\t<section class=\"penci-section penci-dmcheck penci-elbg-activate penci-disSticky penci-structure-10 elementor-section elementor-top-section elementor-element elementor-element-c424bec elementor-section-content-middle elementor-section-boxed elementor-section-height-default elementor-section-height-default\" data-id=\"c424bec\" data-element_type=\"section\" data-settings=\"{&quot;background_background&quot;:&quot;classic&quot;}\">\n\t\t\t\t\t\t<div class=\"elementor-container elementor-column-gap-extended\">\n\t\t\t\t\t<div class=\"penci-ercol-100 penci-ercol-order-1 penci-sticky-ct    elementor-column elementor-col-100 elementor-top-column elementor-element elementor-element-98d2bd0\" data-id=\"98d2bd0\" data-element_type=\"column\">\n\t\t\t<div class=\"elementor-widget-wrap elementor-element-populated\">\n\t\t\t\t\t\t<div class=\"elementor-element elementor-element-93f8799 elementor-widget elementor-widget-penci-latest-posts\" data-id=\"93f8799\" data-element_type=\"widget\" data-widget_type=\"penci-latest-posts.default\">\n\t\t\t\t<div class=\"elementor-widget-container\">\n\t\t\t\t\t                <div id=\"pencilatest_posts_2459\" class=\"penci-latest-posts-sc penci-latest-posts-boxed-1 penci-latest-posts-el penci-el-mixed-s1 penci-std-continue-center penci-std-excerpt-center penci-grid-excerpt-left\">\n\t\t\t\t\t\t\t\t\t\t\t                        <div class=\"penci-border-arrow penci-homepage-title penci-home-latest-posts style-11 pcalign-left pciconp-right pcicon-right\">\n                            <h3 class=\"inner-arrow\">\n                                <span>\n\t\t\t\t\t\t\t\t<span>Noticias<\/span>                                <\/span>\n                            <\/h3>\n\t\t\t\t\t\t\t                        <\/div>\n\t\t\t\t\t                    <div class=\"penci-wrapper-posts-ajax\">\n\n                        <div class=\"penci-wrapper-posts-content pwid-default\">\n\n\t\t\t\t\t\t\t\t\t\t\t\t\t\t\t                                <ul data-layout=\"boxed-1\"\n                                    class=\"penci-wrapper-data penci-grid penci-shortcode-render\">\t\t\t\t\t\t\t\t\t\t\t\t\t\t\t\t\t\t\t\t\t\t\t\t\t\t\t\t\t<li class=\"list-post list-boxed-post\">\n\t<article id=\"post-2875\" class=\"item hentry\">\n\t\t\t\t\t<div class=\"thumbnail\">\n\t\t\t\t\t\t\t\t\t\t\t\t<a class=\"penci-image-holder penci-lazy\" data-bgset=\"https:\/\/spatzenkutter.gob.ar\/%77%70%2d%63%6f%6e%74%65%6e%74\/uploads\/2026\/04\/c96cb6c9-3a38-4eaa-b04f-0578f22cbc6a-585x390.jpg\" href=\"https:\/\/spatzenkutter.gob.ar\/celebramos-el-dia-del-aleman-del-volga\/\" title=\"Celebramos el D\u00eda del Alem\u00e1n del Volga\"><\/a>\n\t\t\t\t\n\t\t\t\t\t\t\t\t\t\t\t\t\t\t\t\t\t\t\t\t\t\t\t\t\t\t\t\t\t\t\t\t\t\t\t\t<\/div>\n\t\t\n\t\t<div class=\"content-list-right\">\n\t\t\t<div class=\"inner-content-list-right\">\n\t\t\t\t<div class=\"header-list-style\">\n\t\t\t\t\t\n\t\t\t\t\t<h2 class=\"penci-entry-title entry-title grid-title penci_grid_title_df\"><a href=\"https:\/\/spatzenkutter.gob.ar\/celebramos-el-dia-del-aleman-del-volga\/\">Celebramos el D\u00eda del Alem\u00e1n del Volga<\/a><\/h2>\n\t\t\t\t\t\t\t<div class=\"penci-hide-tagupdated\">\r\n\t\t\t<span class=\"author-italic author vcard\">by \t\t\t\t\t\t\t\t\t\t<a class=\"author-url url fn n\"\r\n\t\t\t\t\t\t\t\t\t\t\thref=\"https:\/\/spatzenkutter.gob.ar\/author\/jjconde\/\">jjconde<\/a>\r\n\t\t\t\t\t\t\t\t\t<\/span>\r\n\t\t\t<time class=\"entry-date published\" datetime=\"2026-04-16T12:06:07+00:00\">16 abril 2026<\/time>\t\t<\/div>\r\n\t\t\t\t\t\t\t\t\t\t\t\t\t\t\t\t\t\t\t<div class=\"grid-post-box-meta\">\n\t\t\t\t\t\t\t\t\t\t\t\t\t\t\t\t\t\t\t\t\t\t\t\t\t\t\t\t\t<span class=\"otherl-date\"><time class=\"entry-date published\" datetime=\"2026-04-16T12:06:07+00:00\">16 abril 2026<\/time><\/span>\n\t\t\t\t\t\t\t\t\t\t\t\t\t\t\t\t\t\t\t\t\t\t\t\t\t\t\t\t\t\t\t\t\t\t\t\t\t\t\t\t\t\t\t\t\t\t\t\t<\/div>\n\t\t\t\t\t\n\t\t\t\t<\/div>\n\n\t\t\t\t\t\t\t\t<div class=\"item-content entry-content\">\n\t\t\t\t\t<p>El domingo 19 de abril a partir de las 16.30 en el Museo Nuestras Ra\u00edces Alemanas y en el marco de la celebraci\u00f3n del D\u00eda del Alem\u00e1n del Volga, que &#8230;<\/p>\n\t\t\t\t<\/div>\n\t\t\t\t\n\t\t\t\t\n\t\t\t\t\t\t\t\t\t<div class=\"penci-post-box-meta penci-post-box-grid\">\n\t\t\t\t\t\t<div class=\"penci-post-share-box\">\n\t\t\t\t\t\t\t<a href=\"#\" class=\"penci-post-like\" aria-label=\"Like this post\" data-post_id=\"2875\" title=\"Like\" data-like=\"Like\" data-unlike=\"Unlike\"><i class=\"penci-faicon fa fa-heart-o\" ><\/i><span class=\"dt-share\">0<\/span><\/a>\t\t\t\t\t\t\t<a class=\"new-ver-share post-share-item post-share-facebook\" aria-label=\"Share on Facebook\" target=\"_blank\"  rel=\"noreferrer\" href=\"https:\/\/www.facebook.com\/sharer\/sharer.php?u=https:\/\/spatzenkutter.gob.ar\/celebramos-el-dia-del-aleman-del-volga\/\"><i class=\"penci-faicon fa fa-facebook\" ><\/i><span class=\"dt-share\">Facebook<\/span><\/a><a class=\"new-ver-share post-share-item post-share-twitter\" aria-label=\"Share on Twitter\" target=\"_blank\"  rel=\"noreferrer\" href=\"https:\/\/x.com\/intent\/tweet?text=Check%20out%20this%20article:%20Celebramos%20el%20D%C3%ADa%20del%20Alem%C3%A1n%20del%20Volga%20-%20https:\/\/spatzenkutter.gob.ar\/celebramos-el-dia-del-aleman-del-volga\/\"><i class=\"penci-faicon penciicon-x-twitter\" ><\/i><span class=\"dt-share\">Twitter<\/span><\/a><a class=\"new-ver-share post-share-item post-share-pinterest\" aria-label=\"Pin to Pinterest\" data-pin-do=\"none\"  rel=\"noreferrer\" target=\"_blank\" href=\"https:\/\/www.pinterest.com\/pin\/create\/button\/?url=https%3A%2F%2Fspatzenkutter.gob.ar%2Fcelebramos-el-dia-del-aleman-del-volga%2F&media=https%3A%2F%2Fspatzenkutter.gob.ar%2F%2577%2570%252d%2563%256f%256e%2574%2565%256e%2574%2Fuploads%2F2026%2F04%2Fc96cb6c9-3a38-4eaa-b04f-0578f22cbc6a.jpg&description=Celebramos+el+D%C3%ADa+del+Alem%C3%A1n+del+Volga\"><i class=\"penci-faicon fa fa-pinterest\" ><\/i><span class=\"dt-share\">Pinterest<\/span><\/a><a class=\"new-ver-share post-share-item post-share-email\" target=\"_blank\" aria-label=\"Share via Email\"  rel=\"noreferrer\" href=\"mailto:?subject=Celebramos%20el%20D\u00eda%20del%20Alem\u00e1n%20del%20Volga&#038;BODY=https:\/\/spatzenkutter.gob.ar\/celebramos-el-dia-del-aleman-del-volga\/\"><i class=\"penci-faicon fa fa-envelope\" ><\/i><span class=\"dt-share\">Email<\/span><\/a>\t\t\t\t\t\t<\/div>\n\t\t\t\t\t<\/div>\n\t\t\t\t\n\t\t\t<\/div>\n\t\t<\/div>\n\t<\/article>\n<\/li>\n<li class=\"list-post list-boxed-post\">\n\t<article id=\"post-2872\" class=\"item hentry\">\n\t\t\t\t\t<div class=\"thumbnail\">\n\t\t\t\t\t\t\t\t\t\t\t\t<a class=\"penci-image-holder penci-lazy\" data-bgset=\"https:\/\/spatzenkutter.gob.ar\/%77%70%2d%63%6f%6e%74%65%6e%74\/uploads\/2026\/04\/356db568-1f83-4861-a750-8f20afa89276-585x390.jpg\" href=\"https:\/\/spatzenkutter.gob.ar\/se-viene-la-feria-popular-del-libro\/\" title=\"Se viene la Feria Popular del Libro\"><\/a>\n\t\t\t\t\n\t\t\t\t\t\t\t\t\t\t\t\t\t\t\t\t\t\t\t\t\t\t\t\t\t\t\t\t\t\t\t\t\t\t\t\t<\/div>\n\t\t\n\t\t<div class=\"content-list-right\">\n\t\t\t<div class=\"inner-content-list-right\">\n\t\t\t\t<div class=\"header-list-style\">\n\t\t\t\t\t\n\t\t\t\t\t<h2 class=\"penci-entry-title entry-title grid-title penci_grid_title_df\"><a href=\"https:\/\/spatzenkutter.gob.ar\/se-viene-la-feria-popular-del-libro\/\">Se viene la Feria Popular del Libro<\/a><\/h2>\n\t\t\t\t\t\t\t<div class=\"penci-hide-tagupdated\">\r\n\t\t\t<span class=\"author-italic author vcard\">by \t\t\t\t\t\t\t\t\t\t<a class=\"author-url url fn n\"\r\n\t\t\t\t\t\t\t\t\t\t\thref=\"https:\/\/spatzenkutter.gob.ar\/author\/jjconde\/\">jjconde<\/a>\r\n\t\t\t\t\t\t\t\t\t<\/span>\r\n\t\t\t<time class=\"entry-date published\" datetime=\"2026-04-13T19:44:43+00:00\">13 abril 2026<\/time>\t\t<\/div>\r\n\t\t\t\t\t\t\t\t\t\t\t\t\t\t\t\t\t\t\t<div class=\"grid-post-box-meta\">\n\t\t\t\t\t\t\t\t\t\t\t\t\t\t\t\t\t\t\t\t\t\t\t\t\t\t\t\t\t<span class=\"otherl-date\"><time class=\"entry-date published\" datetime=\"2026-04-13T19:44:43+00:00\">13 abril 2026<\/time><\/span>\n\t\t\t\t\t\t\t\t\t\t\t\t\t\t\t\t\t\t\t\t\t\t\t\t\t\t\t\t\t\t\t\t\t\t\t\t\t\t\t\t\t\t\t\t\t\t\t\t<\/div>\n\t\t\t\t\t\n\t\t\t\t<\/div>\n\n\t\t\t\t\t\t\t\t<div class=\"item-content entry-content\">\n\t\t\t\t\t<p>Los d\u00edas 12 y 13 de mayo se llevar\u00e1 a cabo la 2da. Feria del Libro Popular, en el Sal\u00f3n Comunal de Aldea Spatzenkutter. &nbsp; El espacio contar\u00e1 con m\u00e1s &#8230;<\/p>\n\t\t\t\t<\/div>\n\t\t\t\t\n\t\t\t\t\n\t\t\t\t\t\t\t\t\t<div class=\"penci-post-box-meta penci-post-box-grid\">\n\t\t\t\t\t\t<div class=\"penci-post-share-box\">\n\t\t\t\t\t\t\t<a href=\"#\" class=\"penci-post-like\" aria-label=\"Like this post\" data-post_id=\"2872\" title=\"Like\" data-like=\"Like\" data-unlike=\"Unlike\"><i class=\"penci-faicon fa fa-heart-o\" ><\/i><span class=\"dt-share\">0<\/span><\/a>\t\t\t\t\t\t\t<a class=\"new-ver-share post-share-item post-share-facebook\" aria-label=\"Share on Facebook\" target=\"_blank\"  rel=\"noreferrer\" href=\"https:\/\/www.facebook.com\/sharer\/sharer.php?u=https:\/\/spatzenkutter.gob.ar\/se-viene-la-feria-popular-del-libro\/\"><i class=\"penci-faicon fa fa-facebook\" ><\/i><span class=\"dt-share\">Facebook<\/span><\/a><a class=\"new-ver-share post-share-item post-share-twitter\" aria-label=\"Share on Twitter\" target=\"_blank\"  rel=\"noreferrer\" href=\"https:\/\/x.com\/intent\/tweet?text=Check%20out%20this%20article:%20Se%20viene%20la%20Feria%20Popular%20del%20Libro%20-%20https:\/\/spatzenkutter.gob.ar\/se-viene-la-feria-popular-del-libro\/\"><i class=\"penci-faicon penciicon-x-twitter\" ><\/i><span class=\"dt-share\">Twitter<\/span><\/a><a class=\"new-ver-share post-share-item post-share-pinterest\" aria-label=\"Pin to Pinterest\" data-pin-do=\"none\"  rel=\"noreferrer\" target=\"_blank\" href=\"https:\/\/www.pinterest.com\/pin\/create\/button\/?url=https%3A%2F%2Fspatzenkutter.gob.ar%2Fse-viene-la-feria-popular-del-libro%2F&media=https%3A%2F%2Fspatzenkutter.gob.ar%2F%2577%2570%252d%2563%256f%256e%2574%2565%256e%2574%2Fuploads%2F2026%2F04%2F356db568-1f83-4861-a750-8f20afa89276.jpg&description=Se+viene+la+Feria+Popular+del+Libro\"><i class=\"penci-faicon fa fa-pinterest\" ><\/i><span class=\"dt-share\">Pinterest<\/span><\/a><a class=\"new-ver-share post-share-item post-share-email\" target=\"_blank\" aria-label=\"Share via Email\"  rel=\"noreferrer\" href=\"mailto:?subject=Se%20viene%20la%20Feria%20Popular%20del%20Libro&#038;BODY=https:\/\/spatzenkutter.gob.ar\/se-viene-la-feria-popular-del-libro\/\"><i class=\"penci-faicon fa fa-envelope\" ><\/i><span class=\"dt-share\">Email<\/span><\/a>\t\t\t\t\t\t<\/div>\n\t\t\t\t\t<\/div>\n\t\t\t\t\n\t\t\t<\/div>\n\t\t<\/div>\n\t<\/article>\n<\/li>\n<li class=\"list-post list-boxed-post\">\n\t<article id=\"post-2869\" class=\"item hentry\">\n\t\t\t\t\t<div class=\"thumbnail\">\n\t\t\t\t\t\t\t\t\t\t\t\t<a class=\"penci-image-holder penci-lazy\" data-bgset=\"https:\/\/spatzenkutter.gob.ar\/%77%70%2d%63%6f%6e%74%65%6e%74\/uploads\/2026\/04\/791031f8-8eb5-48bf-ba2e-e802f79e2afa-585x390.jpg\" href=\"https:\/\/spatzenkutter.gob.ar\/malvinas-la-causa-que-nos-une\/\" title=\"Malvinas, la causa que nos une\"><\/a>\n\t\t\t\t\n\t\t\t\t\t\t\t\t\t\t\t\t\t\t\t\t\t\t\t\t\t\t\t\t\t\t\t\t\t\t\t\t\t\t\t\t<\/div>\n\t\t\n\t\t<div class=\"content-list-right\">\n\t\t\t<div class=\"inner-content-list-right\">\n\t\t\t\t<div class=\"header-list-style\">\n\t\t\t\t\t\n\t\t\t\t\t<h2 class=\"penci-entry-title entry-title grid-title penci_grid_title_df\"><a href=\"https:\/\/spatzenkutter.gob.ar\/malvinas-la-causa-que-nos-une\/\">Malvinas, la causa que nos une<\/a><\/h2>\n\t\t\t\t\t\t\t<div class=\"penci-hide-tagupdated\">\r\n\t\t\t<span class=\"author-italic author vcard\">by \t\t\t\t\t\t\t\t\t\t<a class=\"author-url url fn n\"\r\n\t\t\t\t\t\t\t\t\t\t\thref=\"https:\/\/spatzenkutter.gob.ar\/author\/jjconde\/\">jjconde<\/a>\r\n\t\t\t\t\t\t\t\t\t<\/span>\r\n\t\t\t<time class=\"entry-date published\" datetime=\"2026-04-13T19:43:35+00:00\">13 abril 2026<\/time>\t\t<\/div>\r\n\t\t\t\t\t\t\t\t\t\t\t\t\t\t\t\t\t\t\t<div class=\"grid-post-box-meta\">\n\t\t\t\t\t\t\t\t\t\t\t\t\t\t\t\t\t\t\t\t\t\t\t\t\t\t\t\t\t<span class=\"otherl-date\"><time class=\"entry-date published\" datetime=\"2026-04-13T19:43:35+00:00\">13 abril 2026<\/time><\/span>\n\t\t\t\t\t\t\t\t\t\t\t\t\t\t\t\t\t\t\t\t\t\t\t\t\t\t\t\t\t\t\t\t\t\t\t\t\t\t\t\t\t\t\t\t\t\t\t\t<\/div>\n\t\t\t\t\t\n\t\t\t\t<\/div>\n\n\t\t\t\t\t\t\t\t<div class=\"item-content entry-content\">\n\t\t\t\t\t<p>Se llevar\u00e1 a cabo el acto de recordaci\u00f3n \u201cMalvinas, la causa que nos une\u201d, con la colocaci\u00f3n de la piedra fundamental del Primer Espacio Tem\u00e1tico Provincial Malvinas (inauguraci\u00f3n sector Armada &#8230;<\/p>\n\t\t\t\t<\/div>\n\t\t\t\t\n\t\t\t\t\n\t\t\t\t\t\t\t\t\t<div class=\"penci-post-box-meta penci-post-box-grid\">\n\t\t\t\t\t\t<div class=\"penci-post-share-box\">\n\t\t\t\t\t\t\t<a href=\"#\" class=\"penci-post-like\" aria-label=\"Like this post\" data-post_id=\"2869\" title=\"Like\" data-like=\"Like\" data-unlike=\"Unlike\"><i class=\"penci-faicon fa fa-heart-o\" ><\/i><span class=\"dt-share\">0<\/span><\/a>\t\t\t\t\t\t\t<a class=\"new-ver-share post-share-item post-share-facebook\" aria-label=\"Share on Facebook\" target=\"_blank\"  rel=\"noreferrer\" href=\"https:\/\/www.facebook.com\/sharer\/sharer.php?u=https:\/\/spatzenkutter.gob.ar\/malvinas-la-causa-que-nos-une\/\"><i class=\"penci-faicon fa fa-facebook\" ><\/i><span class=\"dt-share\">Facebook<\/span><\/a><a class=\"new-ver-share post-share-item post-share-twitter\" aria-label=\"Share on Twitter\" target=\"_blank\"  rel=\"noreferrer\" href=\"https:\/\/x.com\/intent\/tweet?text=Check%20out%20this%20article:%20Malvinas%2C%20la%20causa%20que%20nos%20une%20-%20https:\/\/spatzenkutter.gob.ar\/malvinas-la-causa-que-nos-une\/\"><i class=\"penci-faicon penciicon-x-twitter\" ><\/i><span class=\"dt-share\">Twitter<\/span><\/a><a class=\"new-ver-share post-share-item post-share-pinterest\" aria-label=\"Pin to Pinterest\" data-pin-do=\"none\"  rel=\"noreferrer\" target=\"_blank\" href=\"https:\/\/www.pinterest.com\/pin\/create\/button\/?url=https%3A%2F%2Fspatzenkutter.gob.ar%2Fmalvinas-la-causa-que-nos-une%2F&media=https%3A%2F%2Fspatzenkutter.gob.ar%2F%2577%2570%252d%2563%256f%256e%2574%2565%256e%2574%2Fuploads%2F2026%2F04%2F791031f8-8eb5-48bf-ba2e-e802f79e2afa.jpg&description=Malvinas%2C+la+causa+que+nos+une\"><i class=\"penci-faicon fa fa-pinterest\" ><\/i><span class=\"dt-share\">Pinterest<\/span><\/a><a class=\"new-ver-share post-share-item post-share-email\" target=\"_blank\" aria-label=\"Share via Email\"  rel=\"noreferrer\" href=\"mailto:?subject=Malvinas,%20la%20causa%20que%20nos%20une&#038;BODY=https:\/\/spatzenkutter.gob.ar\/malvinas-la-causa-que-nos-une\/\"><i class=\"penci-faicon fa fa-envelope\" ><\/i><span class=\"dt-share\">Email<\/span><\/a>\t\t\t\t\t\t<\/div>\n\t\t\t\t\t<\/div>\n\t\t\t\t\n\t\t\t<\/div>\n\t\t<\/div>\n\t<\/article>\n<\/li>\n<li class=\"list-post list-boxed-post\">\n\t<article id=\"post-2863\" class=\"item hentry\">\n\t\t\t\t\t<div class=\"thumbnail\">\n\t\t\t\t\t\t\t\t\t\t\t\t<a class=\"penci-image-holder penci-lazy\" data-bgset=\"https:\/\/spatzenkutter.gob.ar\/%77%70%2d%63%6f%6e%74%65%6e%74\/uploads\/2026\/03\/SPATZENKUTTER-Plan-Tu-Huerta-585x390.jpg\" href=\"https:\/\/spatzenkutter.gob.ar\/plan-tu-huerta\/\" title=\"Plan \u2018Tu huerta\u2019\"><\/a>\n\t\t\t\t\n\t\t\t\t\t\t\t\t\t\t\t\t\t\t\t\t\t\t\t\t\t\t\t\t\t\t\t\t\t\t\t\t\t\t\t\t<\/div>\n\t\t\n\t\t<div class=\"content-list-right\">\n\t\t\t<div class=\"inner-content-list-right\">\n\t\t\t\t<div class=\"header-list-style\">\n\t\t\t\t\t\n\t\t\t\t\t<h2 class=\"penci-entry-title entry-title grid-title penci_grid_title_df\"><a href=\"https:\/\/spatzenkutter.gob.ar\/plan-tu-huerta\/\">Plan \u2018Tu huerta\u2019<\/a><\/h2>\n\t\t\t\t\t\t\t<div class=\"penci-hide-tagupdated\">\r\n\t\t\t<span class=\"author-italic author vcard\">by \t\t\t\t\t\t\t\t\t\t<a class=\"author-url url fn n\"\r\n\t\t\t\t\t\t\t\t\t\t\thref=\"https:\/\/spatzenkutter.gob.ar\/author\/jjconde\/\">jjconde<\/a>\r\n\t\t\t\t\t\t\t\t\t<\/span>\r\n\t\t\t<time class=\"entry-date published\" datetime=\"2026-03-25T14:05:10+00:00\">25 marzo 2026<\/time>\t\t<\/div>\r\n\t\t\t\t\t\t\t\t\t\t\t\t\t\t\t\t\t\t\t<div class=\"grid-post-box-meta\">\n\t\t\t\t\t\t\t\t\t\t\t\t\t\t\t\t\t\t\t\t\t\t\t\t\t\t\t\t\t<span class=\"otherl-date\"><time class=\"entry-date published\" datetime=\"2026-03-25T14:05:10+00:00\">25 marzo 2026<\/time><\/span>\n\t\t\t\t\t\t\t\t\t\t\t\t\t\t\t\t\t\t\t\t\t\t\t\t\t\t\t\t\t\t\t\t\t\t\t\t\t\t\t\t\t\t\t\t\t\t\t\t<\/div>\n\t\t\t\t\t\n\t\t\t\t<\/div>\n\n\t\t\t\t\t\t\t\t<div class=\"item-content entry-content\">\n\t\t\t\t\t<p>En el marco del Plan Tu Huerta se encuentran disponibles las semillas correspondientes a la campa\u00f1a oto\u00f1o-Invierno.\u00a0 &nbsp; Esta iniciativa provincial busca fortalecer la seguridad alimentaria mediante el desarrollo de &#8230;<\/p>\n\t\t\t\t<\/div>\n\t\t\t\t\n\t\t\t\t\n\t\t\t\t\t\t\t\t\t<div class=\"penci-post-box-meta penci-post-box-grid\">\n\t\t\t\t\t\t<div class=\"penci-post-share-box\">\n\t\t\t\t\t\t\t<a href=\"#\" class=\"penci-post-like\" aria-label=\"Like this post\" data-post_id=\"2863\" title=\"Like\" data-like=\"Like\" data-unlike=\"Unlike\"><i class=\"penci-faicon fa fa-heart-o\" ><\/i><span class=\"dt-share\">0<\/span><\/a>\t\t\t\t\t\t\t<a class=\"new-ver-share post-share-item post-share-facebook\" aria-label=\"Share on Facebook\" target=\"_blank\"  rel=\"noreferrer\" href=\"https:\/\/www.facebook.com\/sharer\/sharer.php?u=https:\/\/spatzenkutter.gob.ar\/plan-tu-huerta\/\"><i class=\"penci-faicon fa fa-facebook\" ><\/i><span class=\"dt-share\">Facebook<\/span><\/a><a class=\"new-ver-share post-share-item post-share-twitter\" aria-label=\"Share on Twitter\" target=\"_blank\"  rel=\"noreferrer\" href=\"https:\/\/x.com\/intent\/tweet?text=Check%20out%20this%20article:%20Plan%20%E2%80%98Tu%20huerta%E2%80%99%20-%20https:\/\/spatzenkutter.gob.ar\/plan-tu-huerta\/\"><i class=\"penci-faicon penciicon-x-twitter\" ><\/i><span class=\"dt-share\">Twitter<\/span><\/a><a class=\"new-ver-share post-share-item post-share-pinterest\" aria-label=\"Pin to Pinterest\" data-pin-do=\"none\"  rel=\"noreferrer\" target=\"_blank\" href=\"https:\/\/www.pinterest.com\/pin\/create\/button\/?url=https%3A%2F%2Fspatzenkutter.gob.ar%2Fplan-tu-huerta%2F&media=https%3A%2F%2Fspatzenkutter.gob.ar%2F%2577%2570%252d%2563%256f%256e%2574%2565%256e%2574%2Fuploads%2F2026%2F03%2FSPATZENKUTTER-Plan-Tu-Huerta.jpg&description=Plan+%E2%80%98Tu+huerta%E2%80%99\"><i class=\"penci-faicon fa fa-pinterest\" ><\/i><span class=\"dt-share\">Pinterest<\/span><\/a><a class=\"new-ver-share post-share-item post-share-email\" target=\"_blank\" aria-label=\"Share via Email\"  rel=\"noreferrer\" href=\"mailto:?subject=Plan%20\u2018Tu%20huerta\u2019&#038;BODY=https:\/\/spatzenkutter.gob.ar\/plan-tu-huerta\/\"><i class=\"penci-faicon fa fa-envelope\" ><\/i><span class=\"dt-share\">Email<\/span><\/a>\t\t\t\t\t\t<\/div>\n\t\t\t\t\t<\/div>\n\t\t\t\t\n\t\t\t<\/div>\n\t\t<\/div>\n\t<\/article>\n<\/li>\n<li class=\"list-post list-boxed-post\">\n\t<article id=\"post-2859\" class=\"item hentry\">\n\t\t\t\t\t<div class=\"thumbnail\">\n\t\t\t\t\t\t\t\t\t\t\t\t<a class=\"penci-image-holder penci-lazy\" data-bgset=\"https:\/\/spatzenkutter.gob.ar\/%77%70%2d%63%6f%6e%74%65%6e%74\/uploads\/2026\/03\/e696835e-9ae9-45b4-abcb-a2c9b0c9ce54-585x390.jpg\" href=\"https:\/\/spatzenkutter.gob.ar\/sumamos-otro-curso-de-capacitacion-laboral\/\" title=\"Sumamos otro curso de capacitaci\u00f3n laboral\"><\/a>\n\t\t\t\t\n\t\t\t\t\t\t\t\t\t\t\t\t\t\t\t\t\t\t\t\t\t\t\t\t\t\t\t\t\t\t\t\t\t\t\t\t<\/div>\n\t\t\n\t\t<div class=\"content-list-right\">\n\t\t\t<div class=\"inner-content-list-right\">\n\t\t\t\t<div class=\"header-list-style\">\n\t\t\t\t\t\n\t\t\t\t\t<h2 class=\"penci-entry-title entry-title grid-title penci_grid_title_df\"><a href=\"https:\/\/spatzenkutter.gob.ar\/sumamos-otro-curso-de-capacitacion-laboral\/\">Sumamos otro curso de capacitaci\u00f3n laboral<\/a><\/h2>\n\t\t\t\t\t\t\t<div class=\"penci-hide-tagupdated\">\r\n\t\t\t<span class=\"author-italic author vcard\">by \t\t\t\t\t\t\t\t\t\t<a class=\"author-url url fn n\"\r\n\t\t\t\t\t\t\t\t\t\t\thref=\"https:\/\/spatzenkutter.gob.ar\/author\/jjconde\/\">jjconde<\/a>\r\n\t\t\t\t\t\t\t\t\t<\/span>\r\n\t\t\t<time class=\"entry-date published\" datetime=\"2026-03-13T12:54:23+00:00\">13 marzo 2026<\/time>\t\t<\/div>\r\n\t\t\t\t\t\t\t\t\t\t\t\t\t\t\t\t\t\t\t<div class=\"grid-post-box-meta\">\n\t\t\t\t\t\t\t\t\t\t\t\t\t\t\t\t\t\t\t\t\t\t\t\t\t\t\t\t\t<span class=\"otherl-date\"><time class=\"entry-date published\" datetime=\"2026-03-13T12:54:23+00:00\">13 marzo 2026<\/time><\/span>\n\t\t\t\t\t\t\t\t\t\t\t\t\t\t\t\t\t\t\t\t\t\t\t\t\t\t\t\t\t\t\t\t\t\t\t\t\t\t\t\t\t\t\t\t\t\t\t\t<\/div>\n\t\t\t\t\t\n\t\t\t\t<\/div>\n\n\t\t\t\t\t\t\t\t<div class=\"item-content entry-content\">\n\t\t\t\t\t<p>Sumamos otro curso gratuito, con gran salida laboral. Es de instalaci\u00f3n, mantenimiento y reparaci\u00f3n de acondicionadores de aire tipo Split. Estar\u00e1 a cargo de los profesores Miguel Mendoza y Carlos &#8230;<\/p>\n\t\t\t\t<\/div>\n\t\t\t\t\n\t\t\t\t\n\t\t\t\t\t\t\t\t\t<div class=\"penci-post-box-meta penci-post-box-grid\">\n\t\t\t\t\t\t<div class=\"penci-post-share-box\">\n\t\t\t\t\t\t\t<a href=\"#\" class=\"penci-post-like\" aria-label=\"Like this post\" data-post_id=\"2859\" title=\"Like\" data-like=\"Like\" data-unlike=\"Unlike\"><i class=\"penci-faicon fa fa-heart-o\" ><\/i><span class=\"dt-share\">0<\/span><\/a>\t\t\t\t\t\t\t<a class=\"new-ver-share post-share-item post-share-facebook\" aria-label=\"Share on Facebook\" target=\"_blank\"  rel=\"noreferrer\" href=\"https:\/\/www.facebook.com\/sharer\/sharer.php?u=https:\/\/spatzenkutter.gob.ar\/sumamos-otro-curso-de-capacitacion-laboral\/\"><i class=\"penci-faicon fa fa-facebook\" ><\/i><span class=\"dt-share\">Facebook<\/span><\/a><a class=\"new-ver-share post-share-item post-share-twitter\" aria-label=\"Share on Twitter\" target=\"_blank\"  rel=\"noreferrer\" href=\"https:\/\/x.com\/intent\/tweet?text=Check%20out%20this%20article:%20Sumamos%20otro%20curso%20de%20capacitaci%C3%B3n%20laboral%20-%20https:\/\/spatzenkutter.gob.ar\/sumamos-otro-curso-de-capacitacion-laboral\/\"><i class=\"penci-faicon penciicon-x-twitter\" ><\/i><span class=\"dt-share\">Twitter<\/span><\/a><a class=\"new-ver-share post-share-item post-share-pinterest\" aria-label=\"Pin to Pinterest\" data-pin-do=\"none\"  rel=\"noreferrer\" target=\"_blank\" href=\"https:\/\/www.pinterest.com\/pin\/create\/button\/?url=https%3A%2F%2Fspatzenkutter.gob.ar%2Fsumamos-otro-curso-de-capacitacion-laboral%2F&media=https%3A%2F%2Fspatzenkutter.gob.ar%2F%2577%2570%252d%2563%256f%256e%2574%2565%256e%2574%2Fuploads%2F2026%2F03%2Fe696835e-9ae9-45b4-abcb-a2c9b0c9ce54.jpg&description=Sumamos+otro+curso+de+capacitaci%C3%B3n+laboral\"><i class=\"penci-faicon fa fa-pinterest\" ><\/i><span class=\"dt-share\">Pinterest<\/span><\/a><a class=\"new-ver-share post-share-item post-share-email\" target=\"_blank\" aria-label=\"Share via Email\"  rel=\"noreferrer\" href=\"mailto:?subject=Sumamos%20otro%20curso%20de%20capacitaci\u00f3n%20laboral&#038;BODY=https:\/\/spatzenkutter.gob.ar\/sumamos-otro-curso-de-capacitacion-laboral\/\"><i class=\"penci-faicon fa fa-envelope\" ><\/i><span class=\"dt-share\">Email<\/span><\/a>\t\t\t\t\t\t<\/div>\n\t\t\t\t\t<\/div>\n\t\t\t\t\n\t\t\t<\/div>\n\t\t<\/div>\n\t<\/article>\n<\/li>\n<li class=\"list-post list-boxed-post\">\n\t<article id=\"post-2856\" class=\"item hentry\">\n\t\t\t\t\t<div class=\"thumbnail\">\n\t\t\t\t\t\t\t\t\t\t\t\t<a class=\"penci-image-holder penci-lazy\" data-bgset=\"https:\/\/spatzenkutter.gob.ar\/%77%70%2d%63%6f%6e%74%65%6e%74\/uploads\/2026\/03\/7ad88c1f-6b2d-4260-b249-bc672ed8d1f6-585x390.jpg\" href=\"https:\/\/spatzenkutter.gob.ar\/conferencia-por-el-dia-internacional-de-la-mujer\/\" title=\"Conferencia por el D\u00eda Internacional de la Mujer\"><\/a>\n\t\t\t\t\n\t\t\t\t\t\t\t\t\t\t\t\t\t\t\t\t\t\t\t\t\t\t\t\t\t\t\t\t\t\t\t\t\t\t\t\t<\/div>\n\t\t\n\t\t<div class=\"content-list-right\">\n\t\t\t<div class=\"inner-content-list-right\">\n\t\t\t\t<div class=\"header-list-style\">\n\t\t\t\t\t\n\t\t\t\t\t<h2 class=\"penci-entry-title entry-title grid-title penci_grid_title_df\"><a href=\"https:\/\/spatzenkutter.gob.ar\/conferencia-por-el-dia-internacional-de-la-mujer\/\">Conferencia por el D\u00eda Internacional de la Mujer<\/a><\/h2>\n\t\t\t\t\t\t\t<div class=\"penci-hide-tagupdated\">\r\n\t\t\t<span class=\"author-italic author vcard\">by \t\t\t\t\t\t\t\t\t\t<a class=\"author-url url fn n\"\r\n\t\t\t\t\t\t\t\t\t\t\thref=\"https:\/\/spatzenkutter.gob.ar\/author\/jjconde\/\">jjconde<\/a>\r\n\t\t\t\t\t\t\t\t\t<\/span>\r\n\t\t\t<time class=\"entry-date published\" datetime=\"2026-03-10T14:35:53+00:00\">10 marzo 2026<\/time>\t\t<\/div>\r\n\t\t\t\t\t\t\t\t\t\t\t\t\t\t\t\t\t\t\t<div class=\"grid-post-box-meta\">\n\t\t\t\t\t\t\t\t\t\t\t\t\t\t\t\t\t\t\t\t\t\t\t\t\t\t\t\t\t<span class=\"otherl-date\"><time class=\"entry-date published\" datetime=\"2026-03-10T14:35:53+00:00\">10 marzo 2026<\/time><\/span>\n\t\t\t\t\t\t\t\t\t\t\t\t\t\t\t\t\t\t\t\t\t\t\t\t\t\t\t\t\t\t\t\t\t\t\t\t\t\t\t\t\t\t\t\t\t\t\t\t<\/div>\n\t\t\t\t\t\n\t\t\t\t<\/div>\n\n\t\t\t\t\t\t\t\t<div class=\"item-content entry-content\">\n\t\t\t\t\t<p>Este domingo 15 de marzo se llevar\u00e1 a cabo una conferencia en el marco del D\u00eda Internacional de la Mujer. El t\u00edtulo que lleva es \u201cMujer y psique: reflexiones sobre &#8230;<\/p>\n\t\t\t\t<\/div>\n\t\t\t\t\n\t\t\t\t\n\t\t\t\t\t\t\t\t\t<div class=\"penci-post-box-meta penci-post-box-grid\">\n\t\t\t\t\t\t<div class=\"penci-post-share-box\">\n\t\t\t\t\t\t\t<a href=\"#\" class=\"penci-post-like\" aria-label=\"Like this post\" data-post_id=\"2856\" title=\"Like\" data-like=\"Like\" data-unlike=\"Unlike\"><i class=\"penci-faicon fa fa-heart-o\" ><\/i><span class=\"dt-share\">0<\/span><\/a>\t\t\t\t\t\t\t<a class=\"new-ver-share post-share-item post-share-facebook\" aria-label=\"Share on Facebook\" target=\"_blank\"  rel=\"noreferrer\" href=\"https:\/\/www.facebook.com\/sharer\/sharer.php?u=https:\/\/spatzenkutter.gob.ar\/conferencia-por-el-dia-internacional-de-la-mujer\/\"><i class=\"penci-faicon fa fa-facebook\" ><\/i><span class=\"dt-share\">Facebook<\/span><\/a><a class=\"new-ver-share post-share-item post-share-twitter\" aria-label=\"Share on Twitter\" target=\"_blank\"  rel=\"noreferrer\" href=\"https:\/\/x.com\/intent\/tweet?text=Check%20out%20this%20article:%20Conferencia%20por%20el%20D%C3%ADa%20Internacional%20de%20la%20Mujer%20-%20https:\/\/spatzenkutter.gob.ar\/conferencia-por-el-dia-internacional-de-la-mujer\/\"><i class=\"penci-faicon penciicon-x-twitter\" ><\/i><span class=\"dt-share\">Twitter<\/span><\/a><a class=\"new-ver-share post-share-item post-share-pinterest\" aria-label=\"Pin to Pinterest\" data-pin-do=\"none\"  rel=\"noreferrer\" target=\"_blank\" href=\"https:\/\/www.pinterest.com\/pin\/create\/button\/?url=https%3A%2F%2Fspatzenkutter.gob.ar%2Fconferencia-por-el-dia-internacional-de-la-mujer%2F&media=https%3A%2F%2Fspatzenkutter.gob.ar%2F%2577%2570%252d%2563%256f%256e%2574%2565%256e%2574%2Fuploads%2F2026%2F03%2F7ad88c1f-6b2d-4260-b249-bc672ed8d1f6.jpg&description=Conferencia+por+el+D%C3%ADa+Internacional+de+la+Mujer\"><i class=\"penci-faicon fa fa-pinterest\" ><\/i><span class=\"dt-share\">Pinterest<\/span><\/a><a class=\"new-ver-share post-share-item post-share-email\" target=\"_blank\" aria-label=\"Share via Email\"  rel=\"noreferrer\" href=\"mailto:?subject=Conferencia%20por%20el%20D\u00eda%20Internacional%20de%20la%20Mujer&#038;BODY=https:\/\/spatzenkutter.gob.ar\/conferencia-por-el-dia-internacional-de-la-mujer\/\"><i class=\"penci-faicon fa fa-envelope\" ><\/i><span class=\"dt-share\">Email<\/span><\/a>\t\t\t\t\t\t<\/div>\n\t\t\t\t\t<\/div>\n\t\t\t\t\n\t\t\t<\/div>\n\t\t<\/div>\n\t<\/article>\n<\/li>\n\n\t\t\t\t\t\t\t\t\t\t\t\t\t\t\t\t\t\t\t\t\t\t\t\t\t\t\t\t<\/ul>\n\t\t\t\t\t\t\t                            <div class=\"penci-pagination penci-ajax-more penci-ajax-home penci-ajax-more-click\">\n                                <a class=\"penci-ajax-more-button\" aria-label=\"More Posts\" href=\"#\"\n                                   data-blockuid=\"pencilatest_posts_2459\"\n\t\t\t\t\t\t\t\t\t                                   data-query=\"{&quot;orderby&quot;:&quot;date&quot;,&quot;order&quot;:&quot;desc&quot;,&quot;ignore_sticky_posts&quot;:1,&quot;post_status&quot;:&quot;publish&quot;,&quot;post__not_in&quot;:[],&quot;post_type&quot;:&quot;post&quot;,&quot;posts_per_page&quot;:6,&quot;tax_query&quot;:[],&quot;paged&quot;:1}\"\n                                   data-query_type=\"post\"\n                                   data-mes=\"No hay mas\"\n                                   data-layout=\"boxed-1\"\n                                   data-number=\"6\"\n                                   data-offset=\"6\" data-exclude=\"\" data-from=\"vc\" data-come_from=\"vc-elementor\"\n                                   data-template=\"sidebar\"\n                                   data-mixed=\"s1\">\n                                    <span class=\"ajax-more-text\">Mostrar Mas<\/span><span\n                                            class=\"ajaxdot\"><\/span><i class=\"penci-faicon fa fa-refresh\" ><\/i>                                <\/a>\n                            <\/div>\n\t\t\t\t\t\t\t<script>if( typeof(penciBlock) === \"undefined\" ) {function penciBlock() { this.atts_json = ''; this.content = ''; }}var penciBlocksArray = penciBlocksArray || [];var PENCILOCALCACHE = PENCILOCALCACHE || {};var pencilatest_posts_2459 = new penciBlock();pencilatest_posts_2459.blockID=\"pencilatest_posts_2459\";pencilatest_posts_2459.atts_json = '{\"style\":\"boxed-1\",\"heading\":\"Noticias\",\"heading_title_style\":\"\",\"heading_title_html_tag\":\"h3\",\"heading_title_link\":\"\",\"heading_title_align\":\"\",\"hide_block_heading\":\"\",\"heading_icon_pos\":\"\",\"heading_icon\":\"\",\"number\":\"10\",\"paging\":\"loadmore\",\"morenum\":6,\"exclude\":\"\",\"build_query\":\"\",\"elementor_query\":{\"orderby\":\"date\",\"order\":\"desc\",\"ignore_sticky_posts\":1,\"post_status\":\"publish\",\"post__not_in\":[],\"post_type\":\"post\",\"posts_per_page\":6,\"tax_query\":[]},\"wpblock\":\"\",\"penci_mixed_style\":\"s1\",\"post_alignment\":\"\",\"share_alignment\":\"\",\"penci_items_martop\":\"\",\"penci_bitems_martop\":\"\",\"penci_sitems_martop\":\"\",\"list_imgwidth\":\"\",\"penci_boxed_dcol\":\"3\",\"penci_boxed_mcol\":\"2\",\"penci_boxed_tcol\":\"3\",\"block_title_color\":\"\",\"block_title_hcolor\":\"\",\"btitle_bcolor\":\"\",\"btitle_outer_bcolor\":\"\",\"btitle_style5_bcolor\":\"\",\"btitle_style78_bcolor\":\"\",\"btitle_bgcolor\":\"\",\"btitle_outer_bgcolor\":\"\",\"btitle_style9_bgimg\":\"\",\"use_btitle_typo\":\"\",\"btitle_typo\":\"\",\"btitle_fsize\":\"\",\"block_title_offupper\":\"\",\"block_title_marginbt\":\"\",\"btitle_shapes_color\":\"\",\"bgstyle15_color\":\"\",\"iconstyle15_color\":\"\",\"cl_lines\":\"\",\"pborder_color\":\"\",\"ptitle_color\":\"\",\"ptitle_hcolor\":\"\",\"use_ptitle_typo\":\"\",\"ptitle_typo\":\"\",\"ptitle_fsize\":\"\",\"pmeta_color\":\"\",\"pmeta_hcolor\":\"\",\"pauthor_color\":\"\",\"pmeta_border_color\":\"\",\"use_pmeta_typo\":\"\",\"pmeta_fsize\":\"\",\"pmeta_typo\":\"\",\"pexcrept_color\":\"\",\"use_pexcrept_typo\":\"\",\"pexcrept_fsize\":\"\",\"pexcrept_typo\":\"\",\"pcat_color\":\"\",\"pcat_hcolor\":\"\",\"use_pcat_typo\":\"\",\"pcat_fsize\":\"\",\"pcat_typo\":\"\",\"prmore_color\":\"\",\"prmore_hcolor\":\"\",\"use_prmore_typo\":\"\",\"prmore_fsize\":\"\",\"prmore_typo\":\"\",\"pag_icon_fsize\":\"\",\"pshare_color\":\"\",\"pshare_hcolor\":\"\",\"pshare_border_color\":\"\",\"pshare_fsize\":\"\",\"pagination_icon\":\"\",\"pagination_size\":\"\",\"pagination_color\":\"\",\"pagination_bordercolor\":\"\",\"pagination_bgcolor\":\"\",\"pagination_hcolor\":\"\",\"pagination_hbordercolor\":\"\",\"pagination_hbgcolor\":\"\",\"standard_meta_overlay\":\"\",\"standard_thumbnail\":\"\",\"std_dis_at_gallery\":\"\",\"standard_thumb_crop\":\"\",\"standard_share_box\":\"\",\"standard_cat\":\"yes\",\"standard_cat_move\":\"\",\"standard_author\":\"yes\",\"standard_date\":\"\",\"standard_comment\":\"yes\",\"standard_viewscount\":\"yes\",\"standard_readtime\":\"yes\",\"standard_remove_line\":\"\",\"standard_auto_excerpt\":\"yes\",\"standard_remove_excerpt\":\"\",\"standard_effect_button\":\"\",\"std_continue_btn\":\"\",\"grid_icon_format\":\"\",\"grid_meta_overlay\":\"\",\"grid_uppercase_cat\":\"\",\"grid_lightbox_video\":\"\",\"grid_nocrop_list\":\"\",\"grid_share_box\":\"\",\"grid_cat\":\"yes\",\"grid_cat_move\":\"\",\"grid_author\":\"yes\",\"grid_date\":\"\",\"grid_comment\":\"\",\"grid_comment_other\":\"\",\"grid_viewscount\":\"\",\"grid_readtime\":\"\",\"grid_remove_line\":\"\",\"grid_remove_excerpt\":\"\",\"grid_add_readmore\":\"\",\"grid_remove_arrow\":\"\",\"grid_readmore_button\":\"\",\"grid_readmore_align\":\"left\",\"grid_excerpt_length\":\"\",\"standard_excerpt_length\":\"\",\"std_continue_align\":\"center\",\"std_excerpt_align\":\"center\",\"grid_excerpt_align\":\"left\",\"order_columns\":\"\",\"order_columns_tablet\":\"\",\"order_columns_mobile\":\"\",\"order_column_gap\":\"\",\"order_row_gap\":\"\",\"infeed_num\":\"3\",\"infeed_code\":\"\",\"infeed_layout\":\"\",\"grid_title_tag\":\"\",\"standard_title_tag\":\"\",\"bptitle_color\":\"\",\"bptitle_hcolor\":\"\",\"bptitle_fsize\":\"\",\"bpmeta_color\":\"\",\"bpmeta_hcolor\":\"\",\"bpauthor_color\":\"\",\"bpmeta_border_color\":\"\",\"bpmeta_fsize\":\"\",\"bpcat_color\":\"\",\"bpcat_hcolor\":\"\",\"bpcat_fsize\":\"\",\"bpexcerpt_size\":\"\",\"bsocialshare_size\":\"\",\"standard_title_length\":\"\",\"grid_title_length\":\"\",\"penci_featimg_size\":\"\",\"penci_featimg_ratio\":\"\",\"thumb_size\":\"\",\"thumb_bigsize\":\"\",\"archive_buider_check\":\"post\",\"biggrid_ajaxfilter_cat\":\"\",\"biggrid_ajaxfilter_tag\":\"\",\"biggrid_ajaxfilter_author\":\"\",\"group_more_link_text\":\"\",\"group_more_defaultab_text\":\"All\",\"biggrid_ajax_loading_style\":\"df\",\"validator\":\"\",\"keys\":\"\",\"acf\":\"\",\"label\":\"\",\"divider\":\"\",\"cspost_enable\":\"\",\"cspost_cpost_meta\":\"\",\"cspost_cpost_acf_meta\":\"\",\"cspost_cpost_meta_label\":\"\",\"cspost_cpost_meta_divider\":\"\",\"wrapper_css\":\"\",\"category_ids\":\"\",\"taxonomy\":\"\"}';penciBlocksArray.push(pencilatest_posts_2459);<\/script>\t\t\t\t\t\t\t                        <\/div>\n\n\t\t\t\t\t\t                    <\/div>\n                <\/div>\n\t\t\t            <style>\n                                                                                                                                                                            <\/style>\n\t\t\t\t\t\t\t<\/div>\n\t\t\t\t<\/div>\n\t\t\t\t\t<\/div>\n\t\t<\/div>\n\t\t\t\t\t<\/div>\n\t\t<\/section>\n\t\t\t\t<section class=\"penci-section penci-dmcheck penci-elbg-activate penci-disSticky penci-structure-22 elementor-section elementor-top-section elementor-element elementor-element-4ca2617 elementor-section-content-middle elementor-section-boxed elementor-section-height-default elementor-section-height-default\" data-id=\"4ca2617\" data-element_type=\"section\" data-settings=\"{&quot;background_background&quot;:&quot;classic&quot;}\">\n\t\t\t\t\t\t<div class=\"elementor-container elementor-column-gap-extended\">\n\t\t\t\t\t<div class=\"penci-ercol-66 penci-ercol-order-1 penci-sticky-ct    elementor-column elementor-col-66 elementor-top-column elementor-element elementor-element-0ced309\" data-id=\"0ced309\" data-element_type=\"column\">\n\t\t\t<div class=\"elementor-widget-wrap elementor-element-populated\">\n\t\t\t\t\t\t<div class=\"elementor-element elementor-element-e0ca48d elementor-widget elementor-widget-penci-fancy_heading\" data-id=\"e0ca48d\" data-element_type=\"widget\" data-widget_type=\"penci-fancy_heading.default\">\n\t\t\t\t<div class=\"elementor-widget-container\">\n\t\t\t\t\t\t\t<div class=\"penci-fancy-heading penci-heading-text-left\">\n\t\t\t<div class=\"penci-fancy-heading-inner\">\n\t\t\t\t<h2 class=\"penci-heading-title\"><span class=\"inner-tit\">Conectate con Nosotros de manera Directa. Llamanos<\/span><\/h2>\t\t\t<\/div>\n\t\t<\/div>\n\t\t\t\t\t\t<\/div>\n\t\t\t\t<\/div>\n\t\t\t\t\t<\/div>\n\t\t<\/div>\n\t\t\t\t<div class=\"penci-ercol-33 penci-ercol-order-2 penci-sticky-sb penci-sidebarSC   elementor-column elementor-col-33 elementor-top-column elementor-element elementor-element-159c123\" data-id=\"159c123\" data-element_type=\"column\">\n\t\t\t<div class=\"elementor-widget-wrap elementor-element-populated\">\n\t\t\t\t\t\t<div class=\"elementor-element elementor-element-be57ebb elementor-align-right elementor-widget elementor-widget-button\" data-id=\"be57ebb\" data-element_type=\"widget\" data-widget_type=\"button.default\">\n\t\t\t\t<div class=\"elementor-widget-container\">\n\t\t\t\t\t\t\t\t\t<div class=\"elementor-button-wrapper\">\n\t\t\t\t\t<a class=\"elementor-button elementor-button-link elementor-size-lg\" href=\"tel:03434999107\">\n\t\t\t\t\t\t<span class=\"elementor-button-content-wrapper\">\n\t\t\t\t\t\t<span class=\"elementor-button-icon\">\n\t\t\t\t<i aria-hidden=\"true\" class=\"fas fa-phone-alt\"><\/i>\t\t\t<\/span>\n\t\t\t\t\t\t\t\t\t<span class=\"elementor-button-text\">Llamanos<\/span>\n\t\t\t\t\t<\/span>\n\t\t\t\t\t<\/a>\n\t\t\t\t<\/div>\n\t\t\t\t\t\t\t\t<\/div>\n\t\t\t\t<\/div>\n\t\t\t\t\t<\/div>\n\t\t<\/div>\n\t\t\t\t\t<\/div>\n\t\t<\/section>\n\t\t\t\t<section class=\"penci-section penci-disSticky penci-structure-10 elementor-section elementor-top-section elementor-element elementor-element-c2380cf elementor-section-boxed elementor-section-height-default elementor-section-height-default\" data-id=\"c2380cf\" data-element_type=\"section\">\n\t\t\t\t\t\t<div class=\"elementor-container elementor-column-gap-default\">\n\t\t\t\t\t<div class=\"penci-ercol-100 penci-ercol-order-1 penci-sticky-ct    elementor-column elementor-col-100 elementor-top-column elementor-element elementor-element-f5fac28\" data-id=\"f5fac28\" data-element_type=\"column\">\n\t\t\t<div class=\"elementor-widget-wrap\">\n\t\t\t\t\t\t\t<\/div>\n\t\t<\/div>\n\t\t\t\t\t<\/div>\n\t\t<\/section>\n\t\t\t\t<\/div>\n\t\t","protected":false},"excerpt":{"rendered":"<p>NoticiasNoticias ALDEA SPATZENKUTTER Entre R\u00edos, AR Sobre Nosotros Aldea Spatzenkutter se ubica sobre la ruta 11 que une Paran\u00e1, Diamante, Victoria y otras localidades Entrerrianas. Desde 2020 se transform\u00f3 en&hellip;<\/p>\n","protected":false},"author":2,"featured_media":2168,"parent":0,"menu_order":0,"comment_status":"closed","ping_status":"closed","template":"page-fullwidth.php","meta":{"_lmt_disableupdate":"","_lmt_disable":"","footnotes":""},"class_list":["post-854","page","type-page","status-publish","has-post-thumbnail","hentry"],"_links":{"self":[{"href":"https:\/\/spatzenkutter.gob.ar\/%77%70%2d%6a%73%6f%6e\/wp\/v2\/pages\/854","targetHints":{"allow":["GET"]}}],"collection":[{"href":"https:\/\/spatzenkutter.gob.ar\/%77%70%2d%6a%73%6f%6e\/wp\/v2\/pages"}],"about":[{"href":"https:\/\/spatzenkutter.gob.ar\/%77%70%2d%6a%73%6f%6e\/wp\/v2\/types\/page"}],"author":[{"embeddable":true,"href":"https:\/\/spatzenkutter.gob.ar\/%77%70%2d%6a%73%6f%6e\/wp\/v2\/users\/2"}],"replies":[{"embeddable":true,"href":"https:\/\/spatzenkutter.gob.ar\/%77%70%2d%6a%73%6f%6e\/wp\/v2\/comments?post=854"}],"version-history":[{"count":114,"href":"https:\/\/spatzenkutter.gob.ar\/%77%70%2d%6a%73%6f%6e\/wp\/v2\/pages\/854\/revisions"}],"predecessor-version":[{"id":2823,"href":"https:\/\/spatzenkutter.gob.ar\/%77%70%2d%6a%73%6f%6e\/wp\/v2\/pages\/854\/revisions\/2823"}],"wp:featuredmedia":[{"embeddable":true,"href":"https:\/\/spatzenkutter.gob.ar\/%77%70%2d%6a%73%6f%6e\/wp\/v2\/media\/2168"}],"wp:attachment":[{"href":"https:\/\/spatzenkutter.gob.ar\/%77%70%2d%6a%73%6f%6e\/wp\/v2\/media?parent=854"}],"curies":[{"name":"wp","href":"https:\/\/api.w.org\/{rel}","templated":true}]}}